{"id":8859,"date":"2010-02-04T10:05:08","date_gmt":"2010-02-04T08:05:08","guid":{"rendered":"http:\/\/www.friseur-hopmann.de\/?post_type=product&#038;p=8859"},"modified":"2025-12-07T20:30:22","modified_gmt":"2025-12-07T18:30:22","slug":"reflection-conentr-pixelist-intensivkonzentrat-portion-ampulle","status":"publish","type":"product","link":"https:\/\/www.friseur-hopmann.de\/?product=reflection-conentr-pixelist-intensivkonzentrat-portion-ampulle","title":{"rendered":"K\u00c9RASTASE Amino-Acid Concentr\u00e9 Chroma Absolu (Intensivkonzentrat) (Portion\/Ampulle)"},"content":{"rendered":"<h3>Produktbeschreibung:<\/h3>\n<p>Die nach der Coloration anzuwendende Pflege mit reparierenden Aktivstoffen wirkt auf die gesamte Haarfaser ein und schenkt ihr Leuchtkraft, die von innen kommt. Die Struktur der Haarfaser wird tiefenwirksam verbessert, Farbreflexe werden intensiviert, hohe Farbbest\u00e4ndigkeit bis in die Haarspitzen, langanhaltender Schutz gegen Ausbleichen und nachhaltige Ausstrahlung die &#8222;von Innen&#8220; kommt. Das Haar erscheint leicht und elastisch.<\/p>\n<h3>Zielgruppe:<\/h3>\n<h3>K\u00c9RASTASE Amino-Acid Concentr\u00e9 Chroma Absolu ist coloriertes Haar<\/h3>\n<h3>Anwendung:<\/h3>\n<p>Nach der Haarw\u00e4sche str\u00e4hnenweise auf das handtuchtrockene Haar aufspr\u00fchen, einmassieren, das Haar gut durchk\u00e4mmen, gr\u00fcndlich aussp\u00fclen.<br \/>\n5 Minuten Einwirkzeit.<\/p>\n<p><strong>Wichtig: durch das Zumischen eines Fusio Booster ist das Concentrat um ein vielfaches intensiver!<\/strong><\/p>\n<p>&nbsp;<\/p>\n<h3>Technologie:<\/h3>\n<p>Das 1ste System, das hochkonzentrierte und aktive Inhaltsstoffe in einem ma\u00dfgeschneiderten Pflegecocktail vereint.<br \/>\nSofortige Fusion von aktiven Inhaltsstoffen und exklusiven Technologien. Hochkonzentrierte Formeln sorgen f\u00fcr eine tiefenwirksame Verwandlung.<br \/>\nDie ultra-pr\u00e4zise Mikro-Diffusion sorgt f\u00fcr eine gezielte Anwendung und Tiefenwirkung. Das Ergebnis ist eine sofortige Verwandlung Ihrer Haarfaser.<\/p>\n<p><strong>Inhalt:<\/strong> Portionsflasche\/Ampulle a 12 ml<\/p>\n<p><strong>Hinweis: beachten Sie bitte das Erg\u00e4nzungsprodukt FUSIO DOSE BOOSTER<\/strong><\/p>\n","protected":false},"excerpt":{"rendered":"<p>K\u00c9RASTASE Amino-Acid Concentr\u00e9 Chroma Absol<\/p>\n<p>Die nach der Coloration anzuwendende Pflege mit reparierenden Aktivstoffen wirkt auf die gesamte Haarfaser ein und schenkt ihr Leuchtkraft, die von innen kommt. Die Struktur der Haarfaser wird tiefenwirksam verbessert, Farbreflexe werden intensiviert, hohe Farbbest\u00e4ndigkeit bis in die Haarspitzen, langanhaltender Schutz gegen Ausbleichen und nachhaltige Ausstrahlung die &#8222;von Innen&#8220; kommt. Das Haar erscheint leicht und elastisch.<\/p>\n","protected":false},"featured_media":20400,"comment_status":"open","ping_status":"closed","template":"","meta":{"_exactmetrics_skip_tracking":false,"_exactmetrics_sitenote_active":false,"_exactmetrics_sitenote_note":"","_exactmetrics_sitenote_category":0,"_monsterinsights_skip_tracking":false,"_monsterinsights_sitenote_active":false,"_monsterinsights_sitenote_note":"","_monsterinsights_sitenote_category":0},"pwb-brand":[],"product_brand":[615],"product_cat":[491,544,547,940],"product_tag":[822,700,821],"class_list":{"0":"post-8859","1":"product","2":"type-product","3":"status-publish","4":"has-post-thumbnail","6":"product_brand-kerastase-2","7":"product_cat-kerastase","8":"product_cat-kerastase-haarpflege","9":"product_cat-kerastase-pflegelotion","10":"product_cat-chroma-absolu-kerastase","11":"product_tag-colorationhaarpflege","12":"product_tag-farbpflege","13":"product_tag-intensiv-farbpflegeconcentrat","14":"pa_inhalt-645","16":"first","17":"instock","18":"taxable","19":"shipping-taxable","20":"purchasable","21":"product-type-simple"},"yoast_head":"<!-- This site is optimized with the Yoast SEO plugin v24.6 - https:\/\/yoast.com\/wordpress\/plugins\/seo\/ -->\n<title>REFLECTION CONENTR\u00c8 PIXELIST (Intensivkonzentrat) (Portion\/Ampulle)<\/title>\n<meta name=\"robots\" content=\"index, follow, max-snippet:-1, max-image-preview:large, max-video-preview:-1\" \/>\n<link rel=\"canonical\" href=\"https:\/\/www.friseur-hopmann.de\/?product=reflection-conentr-pixelist-intensivkonzentrat-portion-ampulle\" \/>\n<meta property=\"og:locale\" content=\"de_DE\" \/>\n<meta property=\"og:type\" content=\"article\" \/>\n<meta property=\"og:title\" content=\"REFLECTION CONENTR\u00c8 PIXELIST (Intensivkonzentrat) (Portion\/Ampulle)\" \/>\n<meta property=\"og:description\" content=\"K\u00c9RASTASE Amino-Acid Concentr\u00e9 Chroma Absol  Die nach der Coloration anzuwendende Pflege mit reparierenden Aktivstoffen wirkt auf die gesamte Haarfaser ein und schenkt ihr Leuchtkraft, die von innen kommt. Die Struktur der Haarfaser wird tiefenwirksam verbessert, Farbreflexe werden intensiviert, hohe Farbbest\u00e4ndigkeit bis in die Haarspitzen, langanhaltender Schutz gegen Ausbleichen und nachhaltige Ausstrahlung die &quot;von Innen&quot; kommt. Das Haar erscheint leicht und elastisch.\" \/>\n<meta property=\"og:url\" content=\"https:\/\/www.friseur-hopmann.de\/?product=reflection-conentr-pixelist-intensivkonzentrat-portion-ampulle\" \/>\n<meta property=\"og:site_name\" content=\"Friseur Hopmann Hairstyling\" \/>\n<meta property=\"article:modified_time\" content=\"2025-12-07T18:30:22+00:00\" \/>\n<meta property=\"og:image\" content=\"http:\/\/www.friseur-hopmann.de\/wp-content\/uploads\/2010\/02\/Chroma-Concentre10ml-scaled.jpg\" \/>\n\t<meta property=\"og:image:width\" content=\"1920\" \/>\n\t<meta property=\"og:image:height\" content=\"1280\" \/>\n\t<meta property=\"og:image:type\" content=\"image\/jpeg\" \/>\n<meta name=\"twitter:card\" content=\"summary_large_image\" \/>\n<meta name=\"twitter:label1\" content=\"Gesch\u00e4tzte Lesezeit\" \/>\n\t<meta name=\"twitter:data1\" content=\"1\u00a0Minute\" \/>\n<script type=\"application\/ld+json\" class=\"yoast-schema-graph\">{\"@context\":\"https:\/\/schema.org\",\"@graph\":[{\"@type\":\"WebPage\",\"@id\":\"https:\/\/www.friseur-hopmann.de\/?product=reflection-conentr-pixelist-intensivkonzentrat-portion-ampulle\",\"url\":\"https:\/\/www.friseur-hopmann.de\/?product=reflection-conentr-pixelist-intensivkonzentrat-portion-ampulle\",\"name\":\"REFLECTION CONENTR\u00c8 PIXELIST (Intensivkonzentrat) (Portion\/Ampulle)\",\"isPartOf\":{\"@id\":\"https:\/\/www.friseur-hopmann.de\/#website\"},\"primaryImageOfPage\":{\"@id\":\"https:\/\/www.friseur-hopmann.de\/?product=reflection-conentr-pixelist-intensivkonzentrat-portion-ampulle#primaryimage\"},\"image\":{\"@id\":\"https:\/\/www.friseur-hopmann.de\/?product=reflection-conentr-pixelist-intensivkonzentrat-portion-ampulle#primaryimage\"},\"thumbnailUrl\":\"https:\/\/www.friseur-hopmann.de\/wp-content\/uploads\/2010\/02\/Chroma-Concentre10ml-scaled.jpg\",\"datePublished\":\"2010-02-04T08:05:08+00:00\",\"dateModified\":\"2025-12-07T18:30:22+00:00\",\"breadcrumb\":{\"@id\":\"https:\/\/www.friseur-hopmann.de\/?product=reflection-conentr-pixelist-intensivkonzentrat-portion-ampulle#breadcrumb\"},\"inLanguage\":\"de\",\"potentialAction\":[{\"@type\":\"ReadAction\",\"target\":[\"https:\/\/www.friseur-hopmann.de\/?product=reflection-conentr-pixelist-intensivkonzentrat-portion-ampulle\"]}]},{\"@type\":\"ImageObject\",\"inLanguage\":\"de\",\"@id\":\"https:\/\/www.friseur-hopmann.de\/?product=reflection-conentr-pixelist-intensivkonzentrat-portion-ampulle#primaryimage\",\"url\":\"https:\/\/www.friseur-hopmann.de\/wp-content\/uploads\/2010\/02\/Chroma-Concentre10ml-scaled.jpg\",\"contentUrl\":\"https:\/\/www.friseur-hopmann.de\/wp-content\/uploads\/2010\/02\/Chroma-Concentre10ml-scaled.jpg\",\"width\":1920,\"height\":1280},{\"@type\":\"BreadcrumbList\",\"@id\":\"https:\/\/www.friseur-hopmann.de\/?product=reflection-conentr-pixelist-intensivkonzentrat-portion-ampulle#breadcrumb\",\"itemListElement\":[{\"@type\":\"ListItem\",\"position\":1,\"name\":\"Startseite\",\"item\":\"https:\/\/www.friseur-hopmann.de\/\"},{\"@type\":\"ListItem\",\"position\":2,\"name\":\"Produkte\",\"item\":\"https:\/\/www.friseur-hopmann.de\/?post_type=product\"},{\"@type\":\"ListItem\",\"position\":3,\"name\":\"K\u00c9RASTASE Amino-Acid Concentr\u00e9 Chroma Absolu (Intensivkonzentrat) (Portion\/Ampulle)\"}]},{\"@type\":\"WebSite\",\"@id\":\"https:\/\/www.friseur-hopmann.de\/#website\",\"url\":\"https:\/\/www.friseur-hopmann.de\/\",\"name\":\"Friseur Hopmann Hairstyling\",\"description\":\"Ihr Friseur in Nordhorn\",\"potentialAction\":[{\"@type\":\"SearchAction\",\"target\":{\"@type\":\"EntryPoint\",\"urlTemplate\":\"https:\/\/www.friseur-hopmann.de\/?s={search_term_string}\"},\"query-input\":{\"@type\":\"PropertyValueSpecification\",\"valueRequired\":true,\"valueName\":\"search_term_string\"}}],\"inLanguage\":\"de\"}]}<\/script>\n<!-- \/ Yoast SEO plugin. -->","yoast_head_json":{"title":"REFLECTION CONENTR\u00c8 PIXELIST (Intensivkonzentrat) (Portion\/Ampulle)","robots":{"index":"index","follow":"follow","max-snippet":"max-snippet:-1","max-image-preview":"max-image-preview:large","max-video-preview":"max-video-preview:-1"},"canonical":"https:\/\/www.friseur-hopmann.de\/?product=reflection-conentr-pixelist-intensivkonzentrat-portion-ampulle","og_locale":"de_DE","og_type":"article","og_title":"REFLECTION CONENTR\u00c8 PIXELIST (Intensivkonzentrat) (Portion\/Ampulle)","og_description":"K\u00c9RASTASE Amino-Acid Concentr\u00e9 Chroma Absol  Die nach der Coloration anzuwendende Pflege mit reparierenden Aktivstoffen wirkt auf die gesamte Haarfaser ein und schenkt ihr Leuchtkraft, die von innen kommt. Die Struktur der Haarfaser wird tiefenwirksam verbessert, Farbreflexe werden intensiviert, hohe Farbbest\u00e4ndigkeit bis in die Haarspitzen, langanhaltender Schutz gegen Ausbleichen und nachhaltige Ausstrahlung die \"von Innen\" kommt. Das Haar erscheint leicht und elastisch.","og_url":"https:\/\/www.friseur-hopmann.de\/?product=reflection-conentr-pixelist-intensivkonzentrat-portion-ampulle","og_site_name":"Friseur Hopmann Hairstyling","article_modified_time":"2025-12-07T18:30:22+00:00","og_image":[{"width":1920,"height":1280,"url":"http:\/\/www.friseur-hopmann.de\/wp-content\/uploads\/2010\/02\/Chroma-Concentre10ml-scaled.jpg","type":"image\/jpeg"}],"twitter_card":"summary_large_image","twitter_misc":{"Gesch\u00e4tzte Lesezeit":"1\u00a0Minute"},"schema":{"@context":"https:\/\/schema.org","@graph":[{"@type":"WebPage","@id":"https:\/\/www.friseur-hopmann.de\/?product=reflection-conentr-pixelist-intensivkonzentrat-portion-ampulle","url":"https:\/\/www.friseur-hopmann.de\/?product=reflection-conentr-pixelist-intensivkonzentrat-portion-ampulle","name":"REFLECTION CONENTR\u00c8 PIXELIST (Intensivkonzentrat) (Portion\/Ampulle)","isPartOf":{"@id":"https:\/\/www.friseur-hopmann.de\/#website"},"primaryImageOfPage":{"@id":"https:\/\/www.friseur-hopmann.de\/?product=reflection-conentr-pixelist-intensivkonzentrat-portion-ampulle#primaryimage"},"image":{"@id":"https:\/\/www.friseur-hopmann.de\/?product=reflection-conentr-pixelist-intensivkonzentrat-portion-ampulle#primaryimage"},"thumbnailUrl":"https:\/\/www.friseur-hopmann.de\/wp-content\/uploads\/2010\/02\/Chroma-Concentre10ml-scaled.jpg","datePublished":"2010-02-04T08:05:08+00:00","dateModified":"2025-12-07T18:30:22+00:00","breadcrumb":{"@id":"https:\/\/www.friseur-hopmann.de\/?product=reflection-conentr-pixelist-intensivkonzentrat-portion-ampulle#breadcrumb"},"inLanguage":"de","potentialAction":[{"@type":"ReadAction","target":["https:\/\/www.friseur-hopmann.de\/?product=reflection-conentr-pixelist-intensivkonzentrat-portion-ampulle"]}]},{"@type":"ImageObject","inLanguage":"de","@id":"https:\/\/www.friseur-hopmann.de\/?product=reflection-conentr-pixelist-intensivkonzentrat-portion-ampulle#primaryimage","url":"https:\/\/www.friseur-hopmann.de\/wp-content\/uploads\/2010\/02\/Chroma-Concentre10ml-scaled.jpg","contentUrl":"https:\/\/www.friseur-hopmann.de\/wp-content\/uploads\/2010\/02\/Chroma-Concentre10ml-scaled.jpg","width":1920,"height":1280},{"@type":"BreadcrumbList","@id":"https:\/\/www.friseur-hopmann.de\/?product=reflection-conentr-pixelist-intensivkonzentrat-portion-ampulle#breadcrumb","itemListElement":[{"@type":"ListItem","position":1,"name":"Startseite","item":"https:\/\/www.friseur-hopmann.de\/"},{"@type":"ListItem","position":2,"name":"Produkte","item":"https:\/\/www.friseur-hopmann.de\/?post_type=product"},{"@type":"ListItem","position":3,"name":"K\u00c9RASTASE Amino-Acid Concentr\u00e9 Chroma Absolu (Intensivkonzentrat) (Portion\/Ampulle)"}]},{"@type":"WebSite","@id":"https:\/\/www.friseur-hopmann.de\/#website","url":"https:\/\/www.friseur-hopmann.de\/","name":"Friseur Hopmann Hairstyling","description":"Ihr Friseur in Nordhorn","potentialAction":[{"@type":"SearchAction","target":{"@type":"EntryPoint","urlTemplate":"https:\/\/www.friseur-hopmann.de\/?s={search_term_string}"},"query-input":{"@type":"PropertyValueSpecification","valueRequired":true,"valueName":"search_term_string"}}],"inLanguage":"de"}]}},"brands":[],"_links":{"self":[{"href":"https:\/\/www.friseur-hopmann.de\/index.php?rest_route=\/wp\/v2\/product\/8859","targetHints":{"allow":["GET"]}}],"collection":[{"href":"https:\/\/www.friseur-hopmann.de\/index.php?rest_route=\/wp\/v2\/product"}],"about":[{"href":"https:\/\/www.friseur-hopmann.de\/index.php?rest_route=\/wp\/v2\/types\/product"}],"replies":[{"embeddable":true,"href":"https:\/\/www.friseur-hopmann.de\/index.php?rest_route=%2Fwp%2Fv2%2Fcomments&post=8859"}],"wp:featuredmedia":[{"embeddable":true,"href":"https:\/\/www.friseur-hopmann.de\/index.php?rest_route=\/wp\/v2\/media\/20400"}],"wp:attachment":[{"href":"https:\/\/www.friseur-hopmann.de\/index.php?rest_route=%2Fwp%2Fv2%2Fmedia&parent=8859"}],"wp:term":[{"taxonomy":"pwb-brand","embeddable":true,"href":"https:\/\/www.friseur-hopmann.de\/index.php?rest_route=%2Fwp%2Fv2%2Fpwb-brand&post=8859"},{"taxonomy":"product_brand","embeddable":true,"href":"https:\/\/www.friseur-hopmann.de\/index.php?rest_route=%2Fwp%2Fv2%2Fproduct_brand&post=8859"},{"taxonomy":"product_cat","embeddable":true,"href":"https:\/\/www.friseur-hopmann.de\/index.php?rest_route=%2Fwp%2Fv2%2Fproduct_cat&post=8859"},{"taxonomy":"product_tag","embeddable":true,"href":"https:\/\/www.friseur-hopmann.de\/index.php?rest_route=%2Fwp%2Fv2%2Fproduct_tag&post=8859"}],"curies":[{"name":"wp","href":"https:\/\/api.w.org\/{rel}","templated":true}]}}